{"id":389,"date":"2019-10-08T15:36:24","date_gmt":"2019-10-08T15:36:24","guid":{"rendered":"http:\/\/www.tugrulevdenevenakliyat.com\/?page_id=389"},"modified":"2019-12-23T15:18:12","modified_gmt":"2019-12-23T15:18:12","slug":"terazidere-nakliyat-2","status":"publish","type":"page","link":"https:\/\/www.tugrulevdenevenakliyat.com\/index.php\/terazidere-nakliyat-2\/","title":{"rendered":"terazidere nakliyat"},"content":{"rendered":"\r\n<h1 style=\"text-align: center;\"><strong>evden eve nakliyat<\/strong><\/h1>\r\n<p style=\"text-align: center;\">\u00a0Terazidere nakliyat<\/p>\r\n<p style=\"text-align: center;\">Bayrampa\u015fa evden eve nakliyat uygun fiyat garantili ta\u015f\u0131ma hizmeti sunmaktay\u0131z siz de\u011ferli dostlar\u0131m\u0131zdan alm\u0131\u015f oldu\u011fumuz yo\u011fun ilgi ve destek sayesinde \u00e7al\u0131\u015fmalar\u0131m\u0131z\u0131 s\u00fcrd\u00fcrmekteyiz Uygun fiyat garantili ta\u015f\u0131ma hizmeti sunan Ufuk nakliyatsizlere lay\u0131k kaliteli esasl\u0131 ta\u015f\u0131ma hizmeti sunmaktad\u0131r Yo\u011fun \u00e7al\u0131\u015fma temposunun yan\u0131 s\u0131ra g\u00fcler y\u00fcz ve ilgi esirgemeksizin sizlere memnun olaca\u011f\u0131n\u0131z tarzda hizmet vermekteyiz Y\u0131llar\u0131n bilgi birikimi ve tecr\u00fcbelerimizle siz de\u011ferli dostlar\u0131m\u0131za kaliteli ta\u015f\u0131ma hizmeti sunmaktay\u0131z.<\/p>\r\n<p><img class=\"&quot;&lt;yoastmark\" \/><\/p>\r\n<h2 style=\"text-align: center;\"><strong>\r\n\r\n\r\n\r\n<\/strong><\/h2>\r\n<h2 style=\"text-align: center;\"><strong>terazidere nakliyat<\/strong><\/h2>\r\n<p style=\"text-align: center;\"><a href=\"http:\/\/www.tugrulevdenevenakliyat.com\/\">Bayrampa\u015fa evden eve nakliyat<\/a> nakliyeciler aras\u0131nda \u00f6nemli bir yer edinen firmam\u0131z siz de\u011ferli dostlar\u0131m\u0131za kaliteyi en moderen bi\u00e7imde sunmaktay\u0131z \u00fclke genelinde hizmet veren firmam\u0131z evinizin ta\u015f\u0131nmas\u0131 i\u015fleminde profesyonel destek sa\u011flamaktad\u0131r Siz dostlar\u0131m\u0131zdan alm\u0131\u015f oldu\u011fumuz destek sayesinde fiyatlar\u0131m\u0131z\u0131 s\u00fcrekli sizlere g\u00f6re d\u00fczenlemekteyiz Sizlere lay\u0131k \u00e7al\u0131\u015fmalar\u0131m\u0131z ve hizmet politikam\u0131z ile sizlerin be\u011feni ve ilgisini kazanm\u0131\u015f bulunmaktay\u0131z. \u00a0 \u00a0<\/p>\r\n\r\n\r\n\r\n<p style=\"text-align: center;\">Bayrampa\u015fa evden eve nakliyat olarak bize ula\u015ft\u0131\u011f\u0131n\u0131z andan itibaren \u00e7al\u0131\u015fmalar\u0131na ba\u015flamaktad\u0131r siz de\u011ferli dostlar\u0131\u0131m\u0131z\u0131n bilgisi dahilinde e\u015fyan\u0131n ta\u015f\u0131naca\u011f\u0131 \u00a0zaman saat ve e\u015fya bilgilerini not alarak ta\u015f\u0131naca\u011f\u0131 g\u00fcne e\u015fyalar\u0131n gereksinim duyan ekipmanlar\u0131 ta\u015f\u0131naca\u011f\u0131 g\u00fcn\u00fcn evvelinden eksiksiz ve fazlas\u0131yla haz\u0131r<\/p>\r\n<h3 style=\"text-align: center;\"><strong>ofis fuar ta\u015f\u0131ma\u00e7\u0131l\u0131k<\/strong><\/h3>\r\n<p style=\"text-align: center;\">bulundurmaktay\u0131z sorunsuz ve pratik evinizin ta\u015f\u0131nma i\u015flemini ger\u00e7ekle\u015ftirece\u011fimizi g\u00f6recek ve memnun kalacaks\u0131n\u0131z evden eve i\u015finde deneyim yapm\u0131\u015f elaman kadromuzla e\u015fyalar\u0131n\u0131z kaliteli malzemelerimiz ile sar\u0131l\u0131 toplanmas\u0131 \u00a0gereken e\u015fyalar kaliteli kolilerimiz ile muhafaza edilerek ta\u015f\u0131nmaktad\u0131r\u00a0<\/p>\r\n\r\n\r\n\r\n<p style=\"text-align: center;\">Bayrampa\u015fa<a href=\"https:\/\/www.facebook.com\/nakliyatt52\/\"> evden eve nakliyat<\/a> mobilya gibi marangozluk i\u015fi isteyen e\u015fyalar\u0131n\u0131z marangoz elaman\u0131m\u0131z taraf\u0131ndan s\u00f6k\u00fcl\u00fcp ayn\u0131 \u015fekilde kurumunuz ger\u00e7ekle\u015ftirmektedir eksikleri var ise gidermektedir e\u015fyalar\u0131n\u0131z evden nas\u0131l ta\u015f\u0131nd\u0131ysa ayn\u0131 \u015fekilde arac\u0131n i\u00e7indede e\u015fyalara zarar gelmeyecek \u015fekilde itina ile istifi yap\u0131lmaktad\u0131r siz de\u011ferli dostlar\u0131m\u0131z\u0131n fikirleri ile e\u015fyalar\u0131n evinize d\u00fczeni elamanlar\u0131m\u0131z taraf\u0131ndan acele etmeden pratik \u015fekilde e\u015fyan\u0131n eve d\u00fczeni sa\u011flanmaktad\u0131r siz dostlar\u0131m\u0131z\u0131n memnuniyeti bizi bir ad\u0131m daha \u00f6ne g\u00f6t\u00fcrece\u011finin fark\u0131nda olarak \u00e7al\u0131\u015fmalar\u0131m\u0131z\u0131 y\u00fcr\u00fctmekteyiz \u015fimdiden hay\u0131rl\u0131 ta\u015f\u0131nmalar<\/p>\r\n\r\n\r\n\r\n<h4 style=\"text-align: center;\">istanbul nakliyat<\/h4>\r\n<p style=\"text-align: center;\">Bayrampa\u015fa Evden Eve Nakliyat<br \/>Bayrampa\u015fa Nakliyat<br \/>Bayrampa\u015fa Nakliyat Fiyatlar\u0131<br \/>Bayrampa\u015fa Ofis Ta\u015f\u0131ma<br \/>Bayrampa\u015fa D\u00fckkan Ta\u015f\u0131ma<br \/>Bayrampa\u015fa B\u00fcro Ta\u015f\u0131ma\u00a0<br \/>Bayrampa\u015fa Ma\u011faza Ta\u015f\u0131ma<br \/>Bayrampa\u015fa Nakliyat \u00dccretleri<br \/>Bayrampa\u015fa \u0130stanbul Nakliyat<br \/>\u0130stanbul Bayrampa\u015fa Nakliyat<br \/>Evden Eve Nakliyat Bayrampa\u015fa<br \/>Terazidere Evden Eve Nakliyat<br \/>Terazidere Nakliyat<br \/>Terazidere Kamyonetciler<br \/>Terazidere Nakliyat Fiyatlar\u0131<br \/>Terazidere Nakliyat \u00dccretleri<br \/>Terazidere \u015eehirler Aras\u0131 Nakliyat<br \/>Terazidere Ufuk Nakliyat<\/p>\r\n\r\n\r\n\r\n<p style=\"text-align: center;\">\u00a0<\/p>\r\n\r\n\r\n\r\n<ul class=\"wp-block-list\">\r\n<li style=\"text-align: center;\">Alt\u0131ntepsi Mahallesi Evden Eve Nakliyat &#8211; Par\u00e7a E\u015fya Ta\u015f\u0131ma<\/li>\r\n<li style=\"text-align: center;\">Cevatpa\u015fa Mahallesi Evden Eve Nakliyat &#8211; Par\u00e7a E\u015fya Ta\u015f\u0131ma<\/li>\r\n<li style=\"text-align: center;\">\u0130smet Pa\u015fa Mahallesi Evden Eve Nakliyat &#8211; Par\u00e7a E\u015fya Ta\u015f\u0131ma<\/li>\r\n<li style=\"text-align: center;\">Kartaltepe Mahallesi Evden Eve Nakliyat &#8211; Par\u00e7a E\u015fya Ta\u015f\u0131ma<\/li>\r\n<li style=\"text-align: center;\">Kocatepe Mahallesi Evden Eve Nakliyat &#8211; Par\u00e7a E\u015fya Ta\u015f\u0131ma<\/li>\r\n<li style=\"text-align: center;\">Muratpa\u015fa Mahallesi Evden Eve Nakliyat &#8211; Par\u00e7a E\u015fya Ta\u015f\u0131ma<\/li>\r\n<li style=\"text-align: center;\">Ortamahalle Mahallesi Evden Eve Nakliyat &#8211; Par\u00e7a E\u015fya Ta\u015f\u0131ma<\/li>\r\n<li style=\"text-align: center;\">Terazidere Mahallesi Evden Eve Nakliyat &#8211; Par\u00e7a E\u015fya Ta\u015f\u0131ma<\/li>\r\n<li style=\"text-align: center;\">Vatan Mahallesi Evden Eve Nakliyat &#8211; Par\u00e7a E\u015fya Ta\u015f\u0131ma<\/li>\r\n<li style=\"text-align: center;\">Yenido\u011fan Mahallesi Evden Eve Nakliyat &#8211; Par\u00e7a E\u015fya Ta\u015f\u0131<strong>ma<\/strong><\/li>\r\n<li style=\"text-align: center;\"><strong>Y\u0131ld\u0131r\u0131m Mahallesi Evden Eve Nakliyat &#8211; Par\u00e7a E\u015fya\u00a0<\/strong><\/li>\r\n<\/ul>\r\n","protected":false},"excerpt":{"rendered":"<p>evden eve nakliyat \u00a0Terazidere nakliyat Bayrampa\u015fa evden eve nakliyat uygun fiyat garantili ta\u015f\u0131ma hizmeti sunmaktay\u0131z siz de\u011ferli dostlar\u0131m\u0131zdan alm\u0131\u015f oldu\u011fumuz yo\u011fun ilgi ve destek sayesinde \u00e7al\u0131\u015fmalar\u0131m\u0131z\u0131 s\u00fcrd\u00fcrmekteyiz Uygun fiyat garantili ta\u015f\u0131ma hizmeti sunan Ufuk nakliyatsizlere lay\u0131k kaliteli esasl\u0131 ta\u015f\u0131ma hizmeti sunmaktad\u0131r Yo\u011fun \u00e7al\u0131\u015fma temposunun yan\u0131 s\u0131ra g\u00fcler y\u00fcz ve ilgi esirgemeksizin sizlere memnun olaca\u011f\u0131n\u0131z tarzda&hellip; <br \/> <a class=\"read-more\" href=\"https:\/\/www.tugrulevdenevenakliyat.com\/index.php\/terazidere-nakliyat-2\/\">Devam\u0131<\/a><\/p>\n","protected":false},"author":1,"featured_media":0,"parent":0,"menu_order":0,"comment_status":"closed","ping_status":"closed","template":"","meta":{"_bbp_topic_count":0,"_bbp_reply_count":0,"_bbp_total_topic_count":0,"_bbp_total_reply_count":0,"_bbp_voice_count":0,"_bbp_anonymous_reply_count":0,"_bbp_topic_count_hidden":0,"_bbp_reply_count_hidden":0,"_bbp_forum_subforum_count":0,"footnotes":""},"class_list":["post-389","page","type-page","status-publish","hentry"],"yoast_head":"<!-- This site is optimized with the Yoast SEO plugin v27.3 - https:\/\/yoast.com\/product\/yoast-seo-wordpress\/ -->\n<title>terazidere nakliyat - tu\u011frul istanbul evden eve nakliyat<\/title>\n<meta name=\"description\" content=\"terazidere nakliyat \u015fehir i\u00e7i ve \u015fehirler aras\u0131 nakliye montaj garantili sigortal\u0131 ta\u015f\u0131mac\u0131l\u0131k m\u00fc\u015fteri memnuniyeti \u00f6n planda olup\" \/>\n<meta name=\"robots\" content=\"index, follow, max-snippet:-1, max-image-preview:large, max-video-preview:-1\" \/>\n<link rel=\"canonical\" href=\"http:\/\/www.tugrulevdenevenakliyat.com\/index.php\/terazidere-nakliyat-2\/\" \/>\n<meta property=\"og:locale\" content=\"tr_TR\" \/>\n<meta property=\"og:type\" content=\"article\" \/>\n<meta property=\"og:title\" content=\"terazidere nakliyat - tu\u011frul istanbul evden eve nakliyat\" \/>\n<meta property=\"og:description\" content=\"terazidere nakliyat \u015fehir i\u00e7i ve \u015fehirler aras\u0131 nakliye montaj garantili sigortal\u0131 ta\u015f\u0131mac\u0131l\u0131k m\u00fc\u015fteri memnuniyeti \u00f6n planda olup\" \/>\n<meta property=\"og:url\" content=\"http:\/\/www.tugrulevdenevenakliyat.com\/index.php\/terazidere-nakliyat-2\/\" \/>\n<meta property=\"og:site_name\" content=\"Tu\u011frul Nakliyat\" \/>\n<meta property=\"article:publisher\" content=\"https:\/\/www.facebook.com\/tugrul.can.39589149\" \/>\n<meta property=\"article:modified_time\" content=\"2019-12-23T15:18:12+00:00\" \/>\n<meta name=\"twitter:card\" content=\"summary_large_image\" \/>\n<meta name=\"twitter:site\" content=\"@TURGUT16176391\" \/>\n<meta name=\"twitter:label1\" content=\"Tahmini okuma s\u00fcresi\" \/>\n\t<meta name=\"twitter:data1\" content=\"3 dakika\" \/>\n<script type=\"application\/ld+json\" class=\"yoast-schema-graph\">{\"@context\":\"https:\\\/\\\/schema.org\",\"@graph\":[{\"@type\":\"WebPage\",\"@id\":\"http:\\\/\\\/www.tugrulevdenevenakliyat.com\\\/index.php\\\/terazidere-nakliyat-2\\\/\",\"url\":\"http:\\\/\\\/www.tugrulevdenevenakliyat.com\\\/index.php\\\/terazidere-nakliyat-2\\\/\",\"name\":\"terazidere nakliyat - tu\u011frul istanbul evden eve nakliyat\",\"isPartOf\":{\"@id\":\"http:\\\/\\\/www.tugrulevdenevenakliyat.com\\\/#website\"},\"datePublished\":\"2019-10-08T15:36:24+00:00\",\"dateModified\":\"2019-12-23T15:18:12+00:00\",\"description\":\"terazidere nakliyat \u015fehir i\u00e7i ve \u015fehirler aras\u0131 nakliye montaj garantili sigortal\u0131 ta\u015f\u0131mac\u0131l\u0131k m\u00fc\u015fteri memnuniyeti \u00f6n planda olup\",\"breadcrumb\":{\"@id\":\"http:\\\/\\\/www.tugrulevdenevenakliyat.com\\\/index.php\\\/terazidere-nakliyat-2\\\/#breadcrumb\"},\"inLanguage\":\"tr\",\"potentialAction\":[{\"@type\":\"ReadAction\",\"target\":[\"http:\\\/\\\/www.tugrulevdenevenakliyat.com\\\/index.php\\\/terazidere-nakliyat-2\\\/\"]}]},{\"@type\":\"BreadcrumbList\",\"@id\":\"http:\\\/\\\/www.tugrulevdenevenakliyat.com\\\/index.php\\\/terazidere-nakliyat-2\\\/#breadcrumb\",\"itemListElement\":[{\"@type\":\"ListItem\",\"position\":1,\"name\":\"Ana sayfa\",\"item\":\"http:\\\/\\\/www.tugrulevdenevenakliyat.com\\\/\"},{\"@type\":\"ListItem\",\"position\":2,\"name\":\"terazidere nakliyat\"}]},{\"@type\":\"WebSite\",\"@id\":\"http:\\\/\\\/www.tugrulevdenevenakliyat.com\\\/#website\",\"url\":\"http:\\\/\\\/www.tugrulevdenevenakliyat.com\\\/\",\"name\":\"http:\\\/\\\/www.tugrulevdenevenakliyat.com\\\/\",\"description\":\"t&uuml;rkiye geneline evden eve nakliyat\",\"publisher\":{\"@id\":\"http:\\\/\\\/www.tugrulevdenevenakliyat.com\\\/#organization\"},\"potentialAction\":[{\"@type\":\"SearchAction\",\"target\":{\"@type\":\"EntryPoint\",\"urlTemplate\":\"http:\\\/\\\/www.tugrulevdenevenakliyat.com\\\/?s={search_term_string}\"},\"query-input\":{\"@type\":\"PropertyValueSpecification\",\"valueRequired\":true,\"valueName\":\"search_term_string\"}}],\"inLanguage\":\"tr\"},{\"@type\":\"Organization\",\"@id\":\"http:\\\/\\\/www.tugrulevdenevenakliyat.com\\\/#organization\",\"name\":\"tu\u011frulcan bak\u0131rc\u0131\",\"url\":\"http:\\\/\\\/www.tugrulevdenevenakliyat.com\\\/\",\"logo\":{\"@type\":\"ImageObject\",\"inLanguage\":\"tr\",\"@id\":\"http:\\\/\\\/www.tugrulevdenevenakliyat.com\\\/#\\\/schema\\\/logo\\\/image\\\/\",\"url\":\"http:\\\/\\\/www.tugrulevdenevenakliyat.com\\\/wp-content\\\/uploads\\\/2019\\\/12\\\/45249907_1056901127822562_5718244570844626944_n.jpg\",\"contentUrl\":\"http:\\\/\\\/www.tugrulevdenevenakliyat.com\\\/wp-content\\\/uploads\\\/2019\\\/12\\\/45249907_1056901127822562_5718244570844626944_n.jpg\",\"width\":720,\"height\":960,\"caption\":\"tu\u011frulcan bak\u0131rc\u0131\"},\"image\":{\"@id\":\"http:\\\/\\\/www.tugrulevdenevenakliyat.com\\\/#\\\/schema\\\/logo\\\/image\\\/\"},\"sameAs\":[\"https:\\\/\\\/www.facebook.com\\\/tugrul.can.39589149\",\"https:\\\/\\\/x.com\\\/TURGUT16176391\",\"https:\\\/\\\/intagram.com\\\/tugrulnakliyatt\",\"https:\\\/\\\/www.linkedin.com\\\/in\\\/salim-bakirci-9b838915b\\\/\",\"https:\\\/\\\/tr.pinterest.com\\\/bakrcturgut\\\/pins\\\/\"]}]}<\/script>\n<!-- \/ Yoast SEO plugin. -->","yoast_head_json":{"title":"terazidere nakliyat - tu\u011frul istanbul evden eve nakliyat","description":"terazidere nakliyat \u015fehir i\u00e7i ve \u015fehirler aras\u0131 nakliye montaj garantili sigortal\u0131 ta\u015f\u0131mac\u0131l\u0131k m\u00fc\u015fteri memnuniyeti \u00f6n planda olup","robots":{"index":"index","follow":"follow","max-snippet":"max-snippet:-1","max-image-preview":"max-image-preview:large","max-video-preview":"max-video-preview:-1"},"canonical":"http:\/\/www.tugrulevdenevenakliyat.com\/index.php\/terazidere-nakliyat-2\/","og_locale":"tr_TR","og_type":"article","og_title":"terazidere nakliyat - tu\u011frul istanbul evden eve nakliyat","og_description":"terazidere nakliyat \u015fehir i\u00e7i ve \u015fehirler aras\u0131 nakliye montaj garantili sigortal\u0131 ta\u015f\u0131mac\u0131l\u0131k m\u00fc\u015fteri memnuniyeti \u00f6n planda olup","og_url":"http:\/\/www.tugrulevdenevenakliyat.com\/index.php\/terazidere-nakliyat-2\/","og_site_name":"Tu\u011frul Nakliyat","article_publisher":"https:\/\/www.facebook.com\/tugrul.can.39589149","article_modified_time":"2019-12-23T15:18:12+00:00","twitter_card":"summary_large_image","twitter_site":"@TURGUT16176391","twitter_misc":{"Tahmini okuma s\u00fcresi":"3 dakika"},"schema":{"@context":"https:\/\/schema.org","@graph":[{"@type":"WebPage","@id":"http:\/\/www.tugrulevdenevenakliyat.com\/index.php\/terazidere-nakliyat-2\/","url":"http:\/\/www.tugrulevdenevenakliyat.com\/index.php\/terazidere-nakliyat-2\/","name":"terazidere nakliyat - tu\u011frul istanbul evden eve nakliyat","isPartOf":{"@id":"http:\/\/www.tugrulevdenevenakliyat.com\/#website"},"datePublished":"2019-10-08T15:36:24+00:00","dateModified":"2019-12-23T15:18:12+00:00","description":"terazidere nakliyat \u015fehir i\u00e7i ve \u015fehirler aras\u0131 nakliye montaj garantili sigortal\u0131 ta\u015f\u0131mac\u0131l\u0131k m\u00fc\u015fteri memnuniyeti \u00f6n planda olup","breadcrumb":{"@id":"http:\/\/www.tugrulevdenevenakliyat.com\/index.php\/terazidere-nakliyat-2\/#breadcrumb"},"inLanguage":"tr","potentialAction":[{"@type":"ReadAction","target":["http:\/\/www.tugrulevdenevenakliyat.com\/index.php\/terazidere-nakliyat-2\/"]}]},{"@type":"BreadcrumbList","@id":"http:\/\/www.tugrulevdenevenakliyat.com\/index.php\/terazidere-nakliyat-2\/#breadcrumb","itemListElement":[{"@type":"ListItem","position":1,"name":"Ana sayfa","item":"http:\/\/www.tugrulevdenevenakliyat.com\/"},{"@type":"ListItem","position":2,"name":"terazidere nakliyat"}]},{"@type":"WebSite","@id":"http:\/\/www.tugrulevdenevenakliyat.com\/#website","url":"http:\/\/www.tugrulevdenevenakliyat.com\/","name":"http:\/\/www.tugrulevdenevenakliyat.com\/","description":"t&uuml;rkiye geneline evden eve nakliyat","publisher":{"@id":"http:\/\/www.tugrulevdenevenakliyat.com\/#organization"},"potentialAction":[{"@type":"SearchAction","target":{"@type":"EntryPoint","urlTemplate":"http:\/\/www.tugrulevdenevenakliyat.com\/?s={search_term_string}"},"query-input":{"@type":"PropertyValueSpecification","valueRequired":true,"valueName":"search_term_string"}}],"inLanguage":"tr"},{"@type":"Organization","@id":"http:\/\/www.tugrulevdenevenakliyat.com\/#organization","name":"tu\u011frulcan bak\u0131rc\u0131","url":"http:\/\/www.tugrulevdenevenakliyat.com\/","logo":{"@type":"ImageObject","inLanguage":"tr","@id":"http:\/\/www.tugrulevdenevenakliyat.com\/#\/schema\/logo\/image\/","url":"http:\/\/www.tugrulevdenevenakliyat.com\/wp-content\/uploads\/2019\/12\/45249907_1056901127822562_5718244570844626944_n.jpg","contentUrl":"http:\/\/www.tugrulevdenevenakliyat.com\/wp-content\/uploads\/2019\/12\/45249907_1056901127822562_5718244570844626944_n.jpg","width":720,"height":960,"caption":"tu\u011frulcan bak\u0131rc\u0131"},"image":{"@id":"http:\/\/www.tugrulevdenevenakliyat.com\/#\/schema\/logo\/image\/"},"sameAs":["https:\/\/www.facebook.com\/tugrul.can.39589149","https:\/\/x.com\/TURGUT16176391","https:\/\/intagram.com\/tugrulnakliyatt","https:\/\/www.linkedin.com\/in\/salim-bakirci-9b838915b\/","https:\/\/tr.pinterest.com\/bakrcturgut\/pins\/"]}]}},"_links":{"self":[{"href":"https:\/\/www.tugrulevdenevenakliyat.com\/index.php\/wp-json\/wp\/v2\/pages\/389","targetHints":{"allow":["GET"]}}],"collection":[{"href":"https:\/\/www.tugrulevdenevenakliyat.com\/index.php\/wp-json\/wp\/v2\/pages"}],"about":[{"href":"https:\/\/www.tugrulevdenevenakliyat.com\/index.php\/wp-json\/wp\/v2\/types\/page"}],"author":[{"embeddable":true,"href":"https:\/\/www.tugrulevdenevenakliyat.com\/index.php\/wp-json\/wp\/v2\/users\/1"}],"replies":[{"embeddable":true,"href":"https:\/\/www.tugrulevdenevenakliyat.com\/index.php\/wp-json\/wp\/v2\/comments?post=389"}],"version-history":[{"count":3,"href":"https:\/\/www.tugrulevdenevenakliyat.com\/index.php\/wp-json\/wp\/v2\/pages\/389\/revisions"}],"predecessor-version":[{"id":611,"href":"https:\/\/www.tugrulevdenevenakliyat.com\/index.php\/wp-json\/wp\/v2\/pages\/389\/revisions\/611"}],"wp:attachment":[{"href":"https:\/\/www.tugrulevdenevenakliyat.com\/index.php\/wp-json\/wp\/v2\/media?parent=389"}],"curies":[{"name":"wp","href":"https:\/\/api.w.org\/{rel}","templated":true}]}}