{"id":710,"date":"2020-01-05T14:35:40","date_gmt":"2020-01-05T14:35:40","guid":{"rendered":"http:\/\/www.tugrulevdenevenakliyat.com\/?page_id=710"},"modified":"2020-01-05T14:35:40","modified_gmt":"2020-01-05T14:35:40","slug":"unye-evden-eve-ataturk-nakliyat","status":"publish","type":"page","link":"https:\/\/www.tugrulevdenevenakliyat.com\/index.php\/unye-evden-eve-ataturk-nakliyat\/","title":{"rendered":"\u00dcnye Evden Eve Atat\u00fcrk Nakliyat"},"content":{"rendered":"<h1 style=\"text-align: center;\">\u00dcnye Evden Eve nakliyat Atat\u00fcrk<\/h1>\n<p style=\"text-align: center;\">\u00dcnye evden eve Ata\u00fcrk nakliyat (0532) 566 86 65<\/p>\n<p style=\"text-align: center;\"><a href=\"https:\/\/www.facebook.com\/nakliyatt52\/\">\u00dcnye Atat\u00fcrk Evden eve nakliyat<\/a> hassasiyet,\u00f6zen ve titizlik\u00a0 gerektiren hizmettir.<\/p>\n<p style=\"text-align: center;\">Evden eve nakliyat \u015firketimiz uzman kadromuz h\u0131zl\u0131 ve g\u00fcvenilir ta\u015f\u0131ma hizmeti veriyoruz.<br \/>\nEvden eve nakliyat olarak A\u2019dan Z\u2019ye Tu\u011frul nakliyat \u015firketimiz \u00fcstlenir.Mobilya,beyaz e\u015fya,avize gibi e\u015fyalar\u0131 tek tek s\u00f6k\u00fcl\u00fcp ve paketlenip sonra \u00f6zenli bir \u015fekilde araca y\u00fcklenmesi ve daha sonra s\u00f6kt\u00fc\u011f\u00fcm\u00fcz t\u00fcm e\u015fyalar\u0131 ayni \u015fekilde montaj\u0131n\u0131 yap\u0131p yerine yerle\u015ftiriyoruz .\u00dcnye evden eve Atat\u00fcrk Nakliyat olarak .<\/p>\n<p style=\"text-align: center;\">\u015fehir i\u00e7i evden eve veya ofisten ofise nakliyat<\/p>\n<p style=\"text-align: center;\">gibi her t\u00fcrl\u00fc ta\u015f\u0131ma i\u015fleminizi kolayca ger\u00e7ekle\u015ftirmek i\u00e7in nakliyat firmalar\u0131n\u0131<\/p>\n<p style=\"text-align: center;\">bir arada toplayarak, dilemi\u015f oldu\u011funuz b\u00fct\u00fcn illerdeki nakliyat hizmetlerine kolayl\u0131kla ula\u015fman\u0131z\u0131 sa\u011fl\u0131yoruz.<\/p>\n<p><img loading=\"lazy\" decoding=\"async\" width=\"300\" height=\"200\" class=\"size-medium wp-image-563 aligncenter\" src=\"http:\/\/www.tugrulevdenevenakliyat.com\/wp-content\/uploads\/2019\/12\/girginel-evden-eve-nakliyat-1png-300x200.png\" alt=\"&quot;&lt;yoastmark\" srcset=\"https:\/\/www.tugrulevdenevenakliyat.com\/wp-content\/uploads\/2019\/12\/girginel-evden-eve-nakliyat-1png-300x200.png 300w, https:\/\/www.tugrulevdenevenakliyat.com\/wp-content\/uploads\/2019\/12\/girginel-evden-eve-nakliyat-1png-1024x683.png 1024w, https:\/\/www.tugrulevdenevenakliyat.com\/wp-content\/uploads\/2019\/12\/girginel-evden-eve-nakliyat-1png-768x512.png 768w, https:\/\/www.tugrulevdenevenakliyat.com\/wp-content\/uploads\/2019\/12\/girginel-evden-eve-nakliyat-1png.png 1200w\" sizes=\"auto, (max-width: 300px) 100vw, 300px\" \/><\/p>\n<h2 style=\"text-align: center;\">\u00dcnye Evden Eve Nakliyat<\/h2>\n<p style=\"text-align: center;\">Atat\u00fcrk evden eve nakliyat T\u00fcrkiye\u2019nin 81 ilinde,<\/p>\n<p style=\"text-align: center;\">\u015fehir i\u00e7i evden eve veya ofisten ofise nakliyat gibi her t\u00fcrl\u00fc ta\u015f\u0131ma i\u015fleminizi kolayca ger\u00e7ekle\u015ftirmek i\u00e7in nakliyat firmalar\u0131n\u0131 bir arada toplayarak, dilemi\u015f oldu\u011funuz b\u00fct\u00fcn illerdeki nakliyat hizmetlerine kolayl\u0131kla ula\u015fman\u0131z\u0131 sa\u011fl\u0131yoruz.<\/p>\n<p style=\"text-align: center;\">Nakliye mobilya montaj \u015fehir i\u00e7i ve \u015fehirler aras\u0131 nakliye montaj garantili sigortal\u0131 ta\u015f\u0131mac\u0131l\u0131k m\u00fc\u015fteri memnuniyeti \u00f6n planda olup siz sayg\u0131 de\u011fer m\u00fc\u015fterilerimizin hizmetindeyiz kaliteli asla tesad\u00fcf de\u011fildir.<\/p>\n<p style=\"text-align: center;\">Paketleme ambalajlama konusunda s\u0131n\u0131rs\u0131z m\u00fc\u015fteri memnuniyeti sa\u011flayan firmam\u0131z \u00f6rnek<\/p>\n<p style=\"text-align: center;\">paketlemelerimizi yandak\u0131 menu de g\u00f6re bilirsiniz..<\/p>\n<h3 style=\"text-align: center;\">Atat\u00fcrk evden eve nakliyat<\/h3>\n<p style=\"text-align: center;\">Profosyonelli\u011fimiz ve titiz \u00e7al\u0131\u015fmam\u0131z<\/p>\n<p style=\"text-align: center;\">ile b\u00fcrodan b\u00fcroya, ofisden ofise, evden eve nakliye i\u015flerinizi siz say\u0131n m\u00fc\u015fterilerimize sorun ve problem olmaktan \u00e7\u0131kar\u0131yoruz.Konu \u00fcnye\u00a0 evden eve nakliyat olunca akla gelen en profesyonel firma olmaktan \u00f6t\u00fcr\u00fc son derece gururluyuz.<\/p>\n<p style=\"text-align: center;\">1982 y\u0131l\u0131ndan beri hizmet sunmaktay\u0131z.<\/p>\n<p style=\"text-align: center;\">M\u00fc\u015fteri memnuyetini herzaman \u00f6n planda tutan hizmet anlay\u0131\u015f\u0131m\u0131zla b\u00fcy\u00fck bir te\u00e7rubeye sahip olan bir Firmay\u0131z.<\/p>\n<p style=\"text-align: center;\"><a href=\"http:\/\/www.tugrulevdenevenakliyat.com\/\">Tu\u011frul Nakliyat<\/a> olarak 37 y\u0131l\u0131ndan beri kusursuz ve g\u00fcvenli,hizmet vermekdeyiz. \u015eehir i\u00e7i ve \u015fehirler aras\u0131 ve g\u00fcvenli, ta\u015f\u0131ma yapmaya devam ediyoruz.sizlerin g\u00fcvenini kazanmaya \u00e7al\u0131\u015f\u0131yoruz bizleri tercih etiniz i\u00e7in te\u015fekk\u00fcr ederiz.<\/p>\n<h4 style=\"text-align: center;\">hizmetlerimiz<\/h4>\n<p style=\"text-align: center;\">\u00dc\u00e7retsiz Experiz Hizmeti<br \/>\nSi\u011fortal\u0131 Evden Eve Nakliyat<br \/>\n\u015eehiri\u00e7i Evden Eve Nakliyat<br \/>\n\u015eehirleri\u00e7i Evden Eve Nakliyat<br \/>\nPaketleme ve Ambalajlama<br \/>\nEvden Eve Ta\u015f\u0131mac\u0131l\u0131k<br \/>\nAsans\u00f6rl\u00fc Evden Eve Nakliyat<br \/>\nEvden Eve Nakliye<br \/>\nVilla Ta\u015f\u0131mac\u0131l\u0131k<br \/>\nOfis Ta\u015f\u0131mac\u0131l\u0131k<br \/>\n\u0130\u015fyeri Ta\u015f\u0131mac\u0131l\u0131k<br \/>\nFuar Ta\u015f\u0131mac\u0131l\u0131k<\/p>\n","protected":false},"excerpt":{"rendered":"<p>\u00dcnye Evden Eve nakliyat Atat\u00fcrk \u00dcnye evden eve Ata\u00fcrk nakliyat (0532) 566 86 65 \u00dcnye Atat\u00fcrk Evden eve nakliyat hassasiyet,\u00f6zen ve titizlik\u00a0 gerektiren hizmettir. Evden eve nakliyat \u015firketimiz uzman kadromuz h\u0131zl\u0131 ve g\u00fcvenilir ta\u015f\u0131ma hizmeti veriyoruz. Evden eve nakliyat olarak A\u2019dan Z\u2019ye Tu\u011frul nakliyat \u015firketimiz \u00fcstlenir.Mobilya,beyaz e\u015fya,avize gibi e\u015fyalar\u0131 tek tek s\u00f6k\u00fcl\u00fcp ve paketlenip sonra&hellip; <br \/> <a class=\"read-more\" href=\"https:\/\/www.tugrulevdenevenakliyat.com\/index.php\/unye-evden-eve-ataturk-nakliyat\/\">Devam\u0131<\/a><\/p>\n","protected":false},"author":1,"featured_media":460,"parent":0,"menu_order":0,"comment_status":"closed","ping_status":"closed","template":"","meta":{"_bbp_topic_count":0,"_bbp_reply_count":0,"_bbp_total_topic_count":0,"_bbp_total_reply_count":0,"_bbp_voice_count":0,"_bbp_anonymous_reply_count":0,"_bbp_topic_count_hidden":0,"_bbp_reply_count_hidden":0,"_bbp_forum_subforum_count":0,"footnotes":""},"class_list":["post-710","page","type-page","status-publish","has-post-thumbnail","hentry"],"yoast_head":"<!-- This site is optimized with the Yoast SEO plugin v27.3 - https:\/\/yoast.com\/product\/yoast-seo-wordpress\/ -->\n<title>\u00dcnye Evden Eve Atat\u00fcrk Nakliyat - Tu\u011frul Nakliyat Ta\u015f\u0131mac\u0131l\u0131k<\/title>\n<meta name=\"description\" content=\"\u00dcnye evden eve Atat\u00fcrk nakliyat mobilya montaj \u015fehir i\u00e7i ve \u015fehirler aras\u0131 nakliye montaj garantili sigortal\u0131 ta\u015f\u0131mac\u0131l\u0131k 0532 566 86 65\" \/>\n<meta name=\"robots\" content=\"index, follow, max-snippet:-1, max-image-preview:large, max-video-preview:-1\" \/>\n<link rel=\"canonical\" href=\"http:\/\/www.tugrulevdenevenakliyat.com\/index.php\/unye-evden-eve-ataturk-nakliyat\/\" \/>\n<meta property=\"og:locale\" content=\"tr_TR\" \/>\n<meta property=\"og:type\" content=\"article\" \/>\n<meta property=\"og:title\" content=\"\u00dcnye Evden Eve Atat\u00fcrk Nakliyat - Tu\u011frul Nakliyat Ta\u015f\u0131mac\u0131l\u0131k\" \/>\n<meta property=\"og:description\" content=\"\u00dcnye evden eve Atat\u00fcrk nakliyat mobilya montaj \u015fehir i\u00e7i ve \u015fehirler aras\u0131 nakliye montaj garantili sigortal\u0131 ta\u015f\u0131mac\u0131l\u0131k 0532 566 86 65\" \/>\n<meta property=\"og:url\" content=\"http:\/\/www.tugrulevdenevenakliyat.com\/index.php\/unye-evden-eve-ataturk-nakliyat\/\" \/>\n<meta property=\"og:site_name\" content=\"Tu\u011frul Nakliyat\" \/>\n<meta property=\"article:publisher\" content=\"https:\/\/www.facebook.com\/tugrul.can.39589149\" \/>\n<meta property=\"og:image\" content=\"http:\/\/www.tugrulevdenevenakliyat.com\/wp-content\/uploads\/2019\/10\/67194008_398664830753112_5639412018084577280_n.jpg\" \/>\n\t<meta property=\"og:image:width\" content=\"720\" \/>\n\t<meta property=\"og:image:height\" content=\"333\" \/>\n\t<meta property=\"og:image:type\" content=\"image\/jpeg\" \/>\n<meta name=\"twitter:card\" content=\"summary_large_image\" \/>\n<meta name=\"twitter:site\" content=\"@TURGUT16176391\" \/>\n<meta name=\"twitter:label1\" content=\"Tahmini okuma s\u00fcresi\" \/>\n\t<meta name=\"twitter:data1\" content=\"2 dakika\" \/>\n<script type=\"application\/ld+json\" class=\"yoast-schema-graph\">{\"@context\":\"https:\\\/\\\/schema.org\",\"@graph\":[{\"@type\":\"WebPage\",\"@id\":\"http:\\\/\\\/www.tugrulevdenevenakliyat.com\\\/index.php\\\/unye-evden-eve-ataturk-nakliyat\\\/\",\"url\":\"http:\\\/\\\/www.tugrulevdenevenakliyat.com\\\/index.php\\\/unye-evden-eve-ataturk-nakliyat\\\/\",\"name\":\"\u00dcnye Evden Eve Atat\u00fcrk Nakliyat - Tu\u011frul Nakliyat Ta\u015f\u0131mac\u0131l\u0131k\",\"isPartOf\":{\"@id\":\"http:\\\/\\\/www.tugrulevdenevenakliyat.com\\\/#website\"},\"primaryImageOfPage\":{\"@id\":\"http:\\\/\\\/www.tugrulevdenevenakliyat.com\\\/index.php\\\/unye-evden-eve-ataturk-nakliyat\\\/#primaryimage\"},\"image\":{\"@id\":\"http:\\\/\\\/www.tugrulevdenevenakliyat.com\\\/index.php\\\/unye-evden-eve-ataturk-nakliyat\\\/#primaryimage\"},\"thumbnailUrl\":\"https:\\\/\\\/www.tugrulevdenevenakliyat.com\\\/wp-content\\\/uploads\\\/2019\\\/10\\\/67194008_398664830753112_5639412018084577280_n.jpg\",\"datePublished\":\"2020-01-05T14:35:40+00:00\",\"description\":\"\u00dcnye evden eve Atat\u00fcrk nakliyat mobilya montaj \u015fehir i\u00e7i ve \u015fehirler aras\u0131 nakliye montaj garantili sigortal\u0131 ta\u015f\u0131mac\u0131l\u0131k 0532 566 86 65\",\"breadcrumb\":{\"@id\":\"http:\\\/\\\/www.tugrulevdenevenakliyat.com\\\/index.php\\\/unye-evden-eve-ataturk-nakliyat\\\/#breadcrumb\"},\"inLanguage\":\"tr\",\"potentialAction\":[{\"@type\":\"ReadAction\",\"target\":[\"http:\\\/\\\/www.tugrulevdenevenakliyat.com\\\/index.php\\\/unye-evden-eve-ataturk-nakliyat\\\/\"]}]},{\"@type\":\"ImageObject\",\"inLanguage\":\"tr\",\"@id\":\"http:\\\/\\\/www.tugrulevdenevenakliyat.com\\\/index.php\\\/unye-evden-eve-ataturk-nakliyat\\\/#primaryimage\",\"url\":\"https:\\\/\\\/www.tugrulevdenevenakliyat.com\\\/wp-content\\\/uploads\\\/2019\\\/10\\\/67194008_398664830753112_5639412018084577280_n.jpg\",\"contentUrl\":\"https:\\\/\\\/www.tugrulevdenevenakliyat.com\\\/wp-content\\\/uploads\\\/2019\\\/10\\\/67194008_398664830753112_5639412018084577280_n.jpg\",\"width\":720,\"height\":333,\"caption\":\"yenibosna evden eve nakliyat\"},{\"@type\":\"BreadcrumbList\",\"@id\":\"http:\\\/\\\/www.tugrulevdenevenakliyat.com\\\/index.php\\\/unye-evden-eve-ataturk-nakliyat\\\/#breadcrumb\",\"itemListElement\":[{\"@type\":\"ListItem\",\"position\":1,\"name\":\"Ana sayfa\",\"item\":\"http:\\\/\\\/www.tugrulevdenevenakliyat.com\\\/\"},{\"@type\":\"ListItem\",\"position\":2,\"name\":\"\u00dcnye Evden Eve Atat\u00fcrk Nakliyat\"}]},{\"@type\":\"WebSite\",\"@id\":\"http:\\\/\\\/www.tugrulevdenevenakliyat.com\\\/#website\",\"url\":\"http:\\\/\\\/www.tugrulevdenevenakliyat.com\\\/\",\"name\":\"http:\\\/\\\/www.tugrulevdenevenakliyat.com\\\/\",\"description\":\"t&uuml;rkiye geneline evden eve nakliyat\",\"publisher\":{\"@id\":\"http:\\\/\\\/www.tugrulevdenevenakliyat.com\\\/#organization\"},\"potentialAction\":[{\"@type\":\"SearchAction\",\"target\":{\"@type\":\"EntryPoint\",\"urlTemplate\":\"http:\\\/\\\/www.tugrulevdenevenakliyat.com\\\/?s={search_term_string}\"},\"query-input\":{\"@type\":\"PropertyValueSpecification\",\"valueRequired\":true,\"valueName\":\"search_term_string\"}}],\"inLanguage\":\"tr\"},{\"@type\":\"Organization\",\"@id\":\"http:\\\/\\\/www.tugrulevdenevenakliyat.com\\\/#organization\",\"name\":\"tu\u011frulcan bak\u0131rc\u0131\",\"url\":\"http:\\\/\\\/www.tugrulevdenevenakliyat.com\\\/\",\"logo\":{\"@type\":\"ImageObject\",\"inLanguage\":\"tr\",\"@id\":\"http:\\\/\\\/www.tugrulevdenevenakliyat.com\\\/#\\\/schema\\\/logo\\\/image\\\/\",\"url\":\"http:\\\/\\\/www.tugrulevdenevenakliyat.com\\\/wp-content\\\/uploads\\\/2019\\\/12\\\/45249907_1056901127822562_5718244570844626944_n.jpg\",\"contentUrl\":\"http:\\\/\\\/www.tugrulevdenevenakliyat.com\\\/wp-content\\\/uploads\\\/2019\\\/12\\\/45249907_1056901127822562_5718244570844626944_n.jpg\",\"width\":720,\"height\":960,\"caption\":\"tu\u011frulcan bak\u0131rc\u0131\"},\"image\":{\"@id\":\"http:\\\/\\\/www.tugrulevdenevenakliyat.com\\\/#\\\/schema\\\/logo\\\/image\\\/\"},\"sameAs\":[\"https:\\\/\\\/www.facebook.com\\\/tugrul.can.39589149\",\"https:\\\/\\\/x.com\\\/TURGUT16176391\",\"https:\\\/\\\/intagram.com\\\/tugrulnakliyatt\",\"https:\\\/\\\/www.linkedin.com\\\/in\\\/salim-bakirci-9b838915b\\\/\",\"https:\\\/\\\/tr.pinterest.com\\\/bakrcturgut\\\/pins\\\/\"]}]}<\/script>\n<!-- \/ Yoast SEO plugin. -->","yoast_head_json":{"title":"\u00dcnye Evden Eve Atat\u00fcrk Nakliyat - Tu\u011frul Nakliyat Ta\u015f\u0131mac\u0131l\u0131k","description":"\u00dcnye evden eve Atat\u00fcrk nakliyat mobilya montaj \u015fehir i\u00e7i ve \u015fehirler aras\u0131 nakliye montaj garantili sigortal\u0131 ta\u015f\u0131mac\u0131l\u0131k 0532 566 86 65","robots":{"index":"index","follow":"follow","max-snippet":"max-snippet:-1","max-image-preview":"max-image-preview:large","max-video-preview":"max-video-preview:-1"},"canonical":"http:\/\/www.tugrulevdenevenakliyat.com\/index.php\/unye-evden-eve-ataturk-nakliyat\/","og_locale":"tr_TR","og_type":"article","og_title":"\u00dcnye Evden Eve Atat\u00fcrk Nakliyat - Tu\u011frul Nakliyat Ta\u015f\u0131mac\u0131l\u0131k","og_description":"\u00dcnye evden eve Atat\u00fcrk nakliyat mobilya montaj \u015fehir i\u00e7i ve \u015fehirler aras\u0131 nakliye montaj garantili sigortal\u0131 ta\u015f\u0131mac\u0131l\u0131k 0532 566 86 65","og_url":"http:\/\/www.tugrulevdenevenakliyat.com\/index.php\/unye-evden-eve-ataturk-nakliyat\/","og_site_name":"Tu\u011frul Nakliyat","article_publisher":"https:\/\/www.facebook.com\/tugrul.can.39589149","og_image":[{"width":720,"height":333,"url":"http:\/\/www.tugrulevdenevenakliyat.com\/wp-content\/uploads\/2019\/10\/67194008_398664830753112_5639412018084577280_n.jpg","type":"image\/jpeg"}],"twitter_card":"summary_large_image","twitter_site":"@TURGUT16176391","twitter_misc":{"Tahmini okuma s\u00fcresi":"2 dakika"},"schema":{"@context":"https:\/\/schema.org","@graph":[{"@type":"WebPage","@id":"http:\/\/www.tugrulevdenevenakliyat.com\/index.php\/unye-evden-eve-ataturk-nakliyat\/","url":"http:\/\/www.tugrulevdenevenakliyat.com\/index.php\/unye-evden-eve-ataturk-nakliyat\/","name":"\u00dcnye Evden Eve Atat\u00fcrk Nakliyat - Tu\u011frul Nakliyat Ta\u015f\u0131mac\u0131l\u0131k","isPartOf":{"@id":"http:\/\/www.tugrulevdenevenakliyat.com\/#website"},"primaryImageOfPage":{"@id":"http:\/\/www.tugrulevdenevenakliyat.com\/index.php\/unye-evden-eve-ataturk-nakliyat\/#primaryimage"},"image":{"@id":"http:\/\/www.tugrulevdenevenakliyat.com\/index.php\/unye-evden-eve-ataturk-nakliyat\/#primaryimage"},"thumbnailUrl":"https:\/\/www.tugrulevdenevenakliyat.com\/wp-content\/uploads\/2019\/10\/67194008_398664830753112_5639412018084577280_n.jpg","datePublished":"2020-01-05T14:35:40+00:00","description":"\u00dcnye evden eve Atat\u00fcrk nakliyat mobilya montaj \u015fehir i\u00e7i ve \u015fehirler aras\u0131 nakliye montaj garantili sigortal\u0131 ta\u015f\u0131mac\u0131l\u0131k 0532 566 86 65","breadcrumb":{"@id":"http:\/\/www.tugrulevdenevenakliyat.com\/index.php\/unye-evden-eve-ataturk-nakliyat\/#breadcrumb"},"inLanguage":"tr","potentialAction":[{"@type":"ReadAction","target":["http:\/\/www.tugrulevdenevenakliyat.com\/index.php\/unye-evden-eve-ataturk-nakliyat\/"]}]},{"@type":"ImageObject","inLanguage":"tr","@id":"http:\/\/www.tugrulevdenevenakliyat.com\/index.php\/unye-evden-eve-ataturk-nakliyat\/#primaryimage","url":"https:\/\/www.tugrulevdenevenakliyat.com\/wp-content\/uploads\/2019\/10\/67194008_398664830753112_5639412018084577280_n.jpg","contentUrl":"https:\/\/www.tugrulevdenevenakliyat.com\/wp-content\/uploads\/2019\/10\/67194008_398664830753112_5639412018084577280_n.jpg","width":720,"height":333,"caption":"yenibosna evden eve nakliyat"},{"@type":"BreadcrumbList","@id":"http:\/\/www.tugrulevdenevenakliyat.com\/index.php\/unye-evden-eve-ataturk-nakliyat\/#breadcrumb","itemListElement":[{"@type":"ListItem","position":1,"name":"Ana sayfa","item":"http:\/\/www.tugrulevdenevenakliyat.com\/"},{"@type":"ListItem","position":2,"name":"\u00dcnye Evden Eve Atat\u00fcrk Nakliyat"}]},{"@type":"WebSite","@id":"http:\/\/www.tugrulevdenevenakliyat.com\/#website","url":"http:\/\/www.tugrulevdenevenakliyat.com\/","name":"http:\/\/www.tugrulevdenevenakliyat.com\/","description":"t&uuml;rkiye geneline evden eve nakliyat","publisher":{"@id":"http:\/\/www.tugrulevdenevenakliyat.com\/#organization"},"potentialAction":[{"@type":"SearchAction","target":{"@type":"EntryPoint","urlTemplate":"http:\/\/www.tugrulevdenevenakliyat.com\/?s={search_term_string}"},"query-input":{"@type":"PropertyValueSpecification","valueRequired":true,"valueName":"search_term_string"}}],"inLanguage":"tr"},{"@type":"Organization","@id":"http:\/\/www.tugrulevdenevenakliyat.com\/#organization","name":"tu\u011frulcan bak\u0131rc\u0131","url":"http:\/\/www.tugrulevdenevenakliyat.com\/","logo":{"@type":"ImageObject","inLanguage":"tr","@id":"http:\/\/www.tugrulevdenevenakliyat.com\/#\/schema\/logo\/image\/","url":"http:\/\/www.tugrulevdenevenakliyat.com\/wp-content\/uploads\/2019\/12\/45249907_1056901127822562_5718244570844626944_n.jpg","contentUrl":"http:\/\/www.tugrulevdenevenakliyat.com\/wp-content\/uploads\/2019\/12\/45249907_1056901127822562_5718244570844626944_n.jpg","width":720,"height":960,"caption":"tu\u011frulcan bak\u0131rc\u0131"},"image":{"@id":"http:\/\/www.tugrulevdenevenakliyat.com\/#\/schema\/logo\/image\/"},"sameAs":["https:\/\/www.facebook.com\/tugrul.can.39589149","https:\/\/x.com\/TURGUT16176391","https:\/\/intagram.com\/tugrulnakliyatt","https:\/\/www.linkedin.com\/in\/salim-bakirci-9b838915b\/","https:\/\/tr.pinterest.com\/bakrcturgut\/pins\/"]}]}},"_links":{"self":[{"href":"https:\/\/www.tugrulevdenevenakliyat.com\/index.php\/wp-json\/wp\/v2\/pages\/710","targetHints":{"allow":["GET"]}}],"collection":[{"href":"https:\/\/www.tugrulevdenevenakliyat.com\/index.php\/wp-json\/wp\/v2\/pages"}],"about":[{"href":"https:\/\/www.tugrulevdenevenakliyat.com\/index.php\/wp-json\/wp\/v2\/types\/page"}],"author":[{"embeddable":true,"href":"https:\/\/www.tugrulevdenevenakliyat.com\/index.php\/wp-json\/wp\/v2\/users\/1"}],"replies":[{"embeddable":true,"href":"https:\/\/www.tugrulevdenevenakliyat.com\/index.php\/wp-json\/wp\/v2\/comments?post=710"}],"version-history":[{"count":1,"href":"https:\/\/www.tugrulevdenevenakliyat.com\/index.php\/wp-json\/wp\/v2\/pages\/710\/revisions"}],"predecessor-version":[{"id":711,"href":"https:\/\/www.tugrulevdenevenakliyat.com\/index.php\/wp-json\/wp\/v2\/pages\/710\/revisions\/711"}],"wp:featuredmedia":[{"embeddable":true,"href":"https:\/\/www.tugrulevdenevenakliyat.com\/index.php\/wp-json\/wp\/v2\/media\/460"}],"wp:attachment":[{"href":"https:\/\/www.tugrulevdenevenakliyat.com\/index.php\/wp-json\/wp\/v2\/media?parent=710"}],"curies":[{"name":"wp","href":"https:\/\/api.w.org\/{rel}","templated":true}]}}