{"id":756,"date":"2020-01-20T11:14:40","date_gmt":"2020-01-20T11:14:40","guid":{"rendered":"http:\/\/www.tugrulevdenevenakliyat.com\/?page_id=756"},"modified":"2020-01-20T11:14:40","modified_gmt":"2020-01-20T11:14:40","slug":"cerkezkoy-nakliyat","status":"publish","type":"page","link":"https:\/\/www.tugrulevdenevenakliyat.com\/index.php\/cerkezkoy-nakliyat\/","title":{"rendered":"\u00e7erkezk\u00f6y nakliyat"},"content":{"rendered":"<h1 style=\"text-align: center;\"><strong>\u00e7erkezk\u00f6y nakliyat<\/strong><\/h1>\n<p style=\"text-align: center;\">\u00e7erkezk\u00f6y evden eve nakliyat<\/p>\n<p style=\"text-align: center;\">hizmetde s\u0131n\u0131r yoktur.0532 566 86 65<br \/>\n<a href=\"http:\/\/www.tugrulevdenevenakliyat.com\/\">\u00a0 nakliyat<\/a>\u00a0M\u00fc\u015fteri memnuniyetinden sorumluluk ta\u015f\u0131d\u0131m\u0131z i\u00e7in bu i\u015fi ge\u00e7i\u00e7i de\u011fil kal\u0131c\u0131 d\u00fc\u015f\u00fcnd\u00fcm\u00fcz i\u00e7in verdimiz s\u00f6z konu\u015fdugumuz<\/p>\n<p style=\"text-align: center;\">kelimeyi yeride gedirmekden memnunuz nakliyat olarak<\/p>\n<p style=\"text-align: center;\">m\u00fc\u015fterilerimizle s\u00f6zle\u015fme yap\u0131p konu\u015fdugumuz saatde ve yap\u0131lan i\u015f\u00e7ilik hakk\u0131nda \u00f6n bilgi verip mobilya ve koltuk tak\u0131m\u0131 , yatak odas\u0131n\u0131 ,cocuk odan\u0131z\u0131, yemek odan\u0131z\u0131 ve duvar \u00fcnitesi fortmanto s\u00f6k\u00fcp ampalaj\u0131 yap\u0131l\u0131r beyaz e\u015fyalar\u0131n\u0131z\u0131da s\u00f6k\u00fcp ambalaj\u0131n\u0131z\u0131da yap\u0131p gideceyi yere g\u00f6t\u00fcr\u00fcp ta\u015f\u0131p montaj\u0131n\u0131 yap\u0131p tertemiz bir \u015fekilde yap\u0131p siz de\u011ferli m\u00fc\u015fterilerimize teslim etmekdir.<\/p>\n<h2 style=\"text-align: center;\">\u00a0Evden Eve Nakliyat<\/h2>\n<p style=\"text-align: center;\">Nakliye mobilya montaj \u015fehir i\u00e7i ve \u015fehirler aras\u0131 nakliye montaj garantili sigortal\u0131 ta\u015f\u0131mac\u0131l\u0131k m\u00fc\u015fteri memnuniyeti \u00f6n planda olup siz sayg\u0131 de\u011fer m\u00fc\u015fterilerimizin hizmetindeyiz kaliteli asla tesad\u00fcf de\u011fildir<\/p>\n<div id=\"attachment_563\" class=\"wp-caption aligncenter\" style=\"text-align: center;\"><img loading=\"lazy\" decoding=\"async\" class=\"size-medium wp-image-563\" src=\"http:\/\/www.tugrulevdenevenakliyat.com\/wp-content\/uploads\/2019\/12\/girginel-evden-eve-nakliyat-1png-300x200.png\" sizes=\"auto, (max-width: 300px) 100vw, 300px\" srcset=\"http:\/\/www.tugrulevdenevenakliyat.com\/wp-content\/uploads\/2019\/12\/girginel-evden-eve-nakliyat-1png-300x200.png 300w, http:\/\/www.tugrulevdenevenakliyat.com\/wp-content\/uploads\/2019\/12\/girginel-evden-eve-nakliyat-1png-1024x683.png 1024w, http:\/\/www.tugrulevdenevenakliyat.com\/wp-content\/uploads\/2019\/12\/girginel-evden-eve-nakliyat-1png-768x512.png 768w, http:\/\/www.tugrulevdenevenakliyat.com\/wp-content\/uploads\/2019\/12\/girginel-evden-eve-nakliyat-1png.png 1200w\" alt=\"evden eve nakliyat bomoti\" width=\"300\" height=\"200\" aria-describedby=\"caption-attachment-563\" \/><\/p>\n<p id=\"caption-attachment-563\" class=\"wp-caption-text\">\u00e7erkezk\u00f6y nakliyat<\/p>\n<\/div>\n<h3 style=\"text-align: center;\">Evden Eve Nakliyat Nedir?<\/h3>\n<p class=\"lead\" style=\"text-align: center;\">Evden eve \u00e7erkezk\u00f6y\u00a0 nakliyat hassasiyet,\u00f6zen ve titizlik\u00a0 gerektiren hizmettir.Evden eve nakliyat \u015firketimiz uzman kadromuz h\u0131zl\u0131 ve g\u00fcvenilir ta\u015f\u0131ma hizmeti veriyoruz.<br \/>\nEvden eve \u00e7erkezk\u00f6y nakliyat olarak A\u2019dan Z\u2019ye Tu\u011frul nakliyat \u015firketimiz \u00fcstlenir.Mobilya,beyaz e\u015fya,avize gibi e\u015fyalar\u0131 tek tek s\u00f6k\u00fcl\u00fcp ve paketlenip sonra \u00f6zenli bir \u015fekilde araca y\u00fcklenmesi ve daha sonra s\u00f6kt\u00fc\u011f\u00fcm\u00fcz t\u00fcm e\u015fyalar\u0131 ayni \u015fekilde montaj\u0131n\u0131 yap\u0131p yerine yerle\u015ftiriyoruz Tu\u011frul Nakliyat olarak .<\/p>\n<h4 style=\"text-align: center;\">Ev E\u015fyas\u0131 \u00e7erkezk\u00f6y nakliyat Nakliyat Fiyatlar\u0131m\u0131z<\/h4>\n<p style=\"text-align: center;\">1 + 1 Daire Ta\u015f\u0131mas\u0131 ; 900 \u2013 1200 TL<br \/>\n2 + 1 Daire Ta\u015f\u0131mas\u0131 ; 1200 \u2013 1500 TL<br \/>\n3 + 1 Daire Ta\u015f\u0131mas\u0131 ; 1500 \u2013 2000 TL<br \/>\n4 + 1 Daire Ve Villa Ta\u015f\u0131mas\u0131; 2000 \u2013 5000 TL<br \/>\n\u0130stanbul B\u00f6lge i\u00e7i ara\u00e7 kiralama ; 400 \u2013 800 TL<br \/>\n\u0130stanbul B\u00f6lge\u00a0i\u00e7i ekip i\u015flemleri ; 500 \u2013 1000 TL Fiyat aral\u0131\u011f\u0131nda uygulanmaktad\u0131r.<\/p>\n<h5 style=\"text-align: center;\">Hizmetlerimiz<\/h5>\n<p style=\"text-align: center;\">\u00dc\u00e7retsiz Experiz Hizmeti<br \/>\n<a href=\"https:\/\/www.facebook.com\/evdenevetugrulnakliyat\/\">Si\u011fortal\u0131 Evden Eve Nakliyat<\/a><br \/>\n\u015eehiri\u00e7i Evden Eve Nakliyat<br \/>\n\u015eehirleri\u00e7i Evden Eve Nakliyat<br \/>\nPaketleme ve Ambalajlama<br \/>\nEvden Eve Ta\u015f\u0131mac\u0131l\u0131k<br \/>\nAsans\u00f6rl\u00fc Evden Eve Nakliyat<br \/>\nEvden Eve Nakliye<br \/>\nVilla Ta\u015f\u0131mac\u0131l\u0131k<br \/>\nOfis Ta\u015f\u0131mac\u0131l\u0131k<br \/>\n\u0130\u015fyeri Ta\u015f\u0131mac\u0131l\u0131k<br \/>\nFuar Ta\u015f\u0131mac\u0131l\u0131k<\/p>\n<p style=\"text-align: center;\">istanbul Evden Eve Nakliyat<br \/>\nEsenyurt Evden Eve Nakliyat<br \/>\nEy\u00fcp Evden Eve Nakliyat<br \/>\nFatih Evden Eve Nakliyat<br \/>\nGaziosmanpa\u015fa Evden Eve Nakliyat<br \/>\nG\u00fcng\u00f6ren Evden Eve Nakliyat<br \/>\nKa\u011f\u0131thane Evden Eve Nakliyat<br \/>\nKad\u0131k\u00f6y Evden Eve Nakliyat<br \/>\nKartal Evden Eve Nakliyat<br \/>\nK\u00fc\u00e7\u00fck\u00e7ekmece Evden Eve Nakliyat<br \/>\nMaltepe Evden Eve Nakliyat<br \/>\nPendik Evden Eve Nakliyat<br \/>\nSancaktepe Evden Nakliyat<br \/>\nSar\u0131yerEvden Eve Nakliyat<br \/>\nAta\u015fehir Evden Eve Nakliyat<br \/>\nBagc\u0131lar Evden Eve Nakliyat<br \/>\nBah\u00e7elievler Evden Eve Nakliyat<br \/>\nBak\u0131rk\u00f6y Evden Eve Nakliyat<br \/>\nBa\u015fak\u015fehir Evden Eve Nakliyat<br \/>\nBayrampa\u015fa Evden Eve Nakliyat<br \/>\nBe\u015fikta\u015f Evden Eve Nakliyat<br \/>\nBeylikd\u00fcz\u00fc Evden Eve Nakliyat<br \/>\nBeyoglu Evden Eve Nakliyat<br \/>\nB\u00fcy\u00fck\u00e7ekme\u00e7e Evden Eve Nakliyat<br \/>\nBeykoz Evden Eve Nakliyat<br \/>\n\u00c7atal\u00e7a Evden Eve Nakliyat<br \/>\nEsenler Evden Eve Nakliyat<br \/>\nSultan\u011fazi Evden Eve Nakliyat<br \/>\n\u015eile Evden Eve Nakliyat<br \/>\nTuzla Evden Eve Nakliyat<br \/>\n\u00dcsk\u00fcdar Evden Eve Nakliyat<br \/>\n\u00dcmraniye Evden Eve Nakliyat<br \/>\nZeytinburnu Evden Eve Nakliyat<br \/>\n\u00e7erkezk\u00f6y Nakliyat<br \/>\nKaradeniz Evden Eve Nakliyat<br \/>\nOrdu Evden Eve Nakliyat<br \/>\n\u00dcnye Evden Eve Nakliyat<br \/>\nFatsa Evden Eve Nakliyat<\/p>\n","protected":false},"excerpt":{"rendered":"<p>\u00e7erkezk\u00f6y nakliyat \u00e7erkezk\u00f6y evden eve nakliyat hizmetde s\u0131n\u0131r yoktur.0532 566 86 65 \u00a0 nakliyat\u00a0M\u00fc\u015fteri memnuniyetinden sorumluluk ta\u015f\u0131d\u0131m\u0131z i\u00e7in bu i\u015fi ge\u00e7i\u00e7i de\u011fil kal\u0131c\u0131 d\u00fc\u015f\u00fcnd\u00fcm\u00fcz i\u00e7in verdimiz s\u00f6z konu\u015fdugumuz kelimeyi yeride gedirmekden memnunuz nakliyat olarak m\u00fc\u015fterilerimizle s\u00f6zle\u015fme yap\u0131p konu\u015fdugumuz saatde ve yap\u0131lan i\u015f\u00e7ilik hakk\u0131nda \u00f6n bilgi verip mobilya ve koltuk tak\u0131m\u0131 , yatak odas\u0131n\u0131 ,cocuk odan\u0131z\u0131,&hellip; <br \/> <a class=\"read-more\" href=\"https:\/\/www.tugrulevdenevenakliyat.com\/index.php\/cerkezkoy-nakliyat\/\">Devam\u0131<\/a><\/p>\n","protected":false},"author":1,"featured_media":0,"parent":0,"menu_order":0,"comment_status":"closed","ping_status":"closed","template":"","meta":{"_bbp_topic_count":0,"_bbp_reply_count":0,"_bbp_total_topic_count":0,"_bbp_total_reply_count":0,"_bbp_voice_count":0,"_bbp_anonymous_reply_count":0,"_bbp_topic_count_hidden":0,"_bbp_reply_count_hidden":0,"_bbp_forum_subforum_count":0,"footnotes":""},"class_list":["post-756","page","type-page","status-publish","hentry"],"yoast_head":"<!-- This site is optimized with the Yoast SEO plugin v27.3 - https:\/\/yoast.com\/product\/yoast-seo-wordpress\/ -->\n<title>\u00e7erkezk\u00f6y nakliyat - istanbul evden eve ta\u015f\u0131ma\u00e7\u0131l\u0131k<\/title>\n<meta name=\"description\" content=\"\u00e7erkezk\u00f6y nakliyat Paketleme ambalajlama konusunda s\u0131n\u0131rs\u0131z m\u00fc\u015fteri memnuniyeti sa\u011flayan firmam\u0131z \u00f6rnek paketlemelerimizi yandak\u0131 menu de g\u00f6re bilirsiniz..\" \/>\n<meta name=\"robots\" content=\"index, follow, max-snippet:-1, max-image-preview:large, max-video-preview:-1\" \/>\n<link rel=\"canonical\" href=\"http:\/\/www.tugrulevdenevenakliyat.com\/index.php\/cerkezkoy-nakliyat\/\" \/>\n<meta property=\"og:locale\" content=\"tr_TR\" \/>\n<meta property=\"og:type\" content=\"article\" \/>\n<meta property=\"og:title\" content=\"\u00e7erkezk\u00f6y nakliyat - istanbul evden eve ta\u015f\u0131ma\u00e7\u0131l\u0131k\" \/>\n<meta property=\"og:description\" content=\"\u00e7erkezk\u00f6y nakliyat Paketleme ambalajlama konusunda s\u0131n\u0131rs\u0131z m\u00fc\u015fteri memnuniyeti sa\u011flayan firmam\u0131z \u00f6rnek paketlemelerimizi yandak\u0131 menu de g\u00f6re bilirsiniz..\" \/>\n<meta property=\"og:url\" content=\"http:\/\/www.tugrulevdenevenakliyat.com\/index.php\/cerkezkoy-nakliyat\/\" \/>\n<meta property=\"og:site_name\" content=\"Tu\u011frul Nakliyat\" \/>\n<meta property=\"article:publisher\" content=\"https:\/\/www.facebook.com\/tugrul.can.39589149\" \/>\n<meta property=\"og:image\" content=\"http:\/\/www.tugrulevdenevenakliyat.com\/wp-content\/uploads\/2019\/12\/girginel-evden-eve-nakliyat-1png-300x200.png\" \/>\n<meta name=\"twitter:card\" content=\"summary_large_image\" \/>\n<meta name=\"twitter:site\" content=\"@TURGUT16176391\" \/>\n<meta name=\"twitter:label1\" content=\"Tahmini okuma s\u00fcresi\" \/>\n\t<meta name=\"twitter:data1\" content=\"3 dakika\" \/>\n<script type=\"application\/ld+json\" class=\"yoast-schema-graph\">{\"@context\":\"https:\\\/\\\/schema.org\",\"@graph\":[{\"@type\":\"WebPage\",\"@id\":\"http:\\\/\\\/www.tugrulevdenevenakliyat.com\\\/index.php\\\/cerkezkoy-nakliyat\\\/\",\"url\":\"http:\\\/\\\/www.tugrulevdenevenakliyat.com\\\/index.php\\\/cerkezkoy-nakliyat\\\/\",\"name\":\"\u00e7erkezk\u00f6y nakliyat - istanbul evden eve ta\u015f\u0131ma\u00e7\u0131l\u0131k\",\"isPartOf\":{\"@id\":\"http:\\\/\\\/www.tugrulevdenevenakliyat.com\\\/#website\"},\"primaryImageOfPage\":{\"@id\":\"http:\\\/\\\/www.tugrulevdenevenakliyat.com\\\/index.php\\\/cerkezkoy-nakliyat\\\/#primaryimage\"},\"image\":{\"@id\":\"http:\\\/\\\/www.tugrulevdenevenakliyat.com\\\/index.php\\\/cerkezkoy-nakliyat\\\/#primaryimage\"},\"thumbnailUrl\":\"http:\\\/\\\/www.tugrulevdenevenakliyat.com\\\/wp-content\\\/uploads\\\/2019\\\/12\\\/girginel-evden-eve-nakliyat-1png-300x200.png\",\"datePublished\":\"2020-01-20T11:14:40+00:00\",\"description\":\"\u00e7erkezk\u00f6y nakliyat Paketleme ambalajlama konusunda s\u0131n\u0131rs\u0131z m\u00fc\u015fteri memnuniyeti sa\u011flayan firmam\u0131z \u00f6rnek paketlemelerimizi yandak\u0131 menu de g\u00f6re bilirsiniz..\",\"breadcrumb\":{\"@id\":\"http:\\\/\\\/www.tugrulevdenevenakliyat.com\\\/index.php\\\/cerkezkoy-nakliyat\\\/#breadcrumb\"},\"inLanguage\":\"tr\",\"potentialAction\":[{\"@type\":\"ReadAction\",\"target\":[\"http:\\\/\\\/www.tugrulevdenevenakliyat.com\\\/index.php\\\/cerkezkoy-nakliyat\\\/\"]}]},{\"@type\":\"ImageObject\",\"inLanguage\":\"tr\",\"@id\":\"http:\\\/\\\/www.tugrulevdenevenakliyat.com\\\/index.php\\\/cerkezkoy-nakliyat\\\/#primaryimage\",\"url\":\"https:\\\/\\\/www.tugrulevdenevenakliyat.com\\\/wp-content\\\/uploads\\\/2019\\\/12\\\/girginel-evden-eve-nakliyat-1png.png\",\"contentUrl\":\"https:\\\/\\\/www.tugrulevdenevenakliyat.com\\\/wp-content\\\/uploads\\\/2019\\\/12\\\/girginel-evden-eve-nakliyat-1png.png\",\"width\":1200,\"height\":800,\"caption\":\"\u00fcnye evden eve atat\u00fcrk nakliyat\"},{\"@type\":\"BreadcrumbList\",\"@id\":\"http:\\\/\\\/www.tugrulevdenevenakliyat.com\\\/index.php\\\/cerkezkoy-nakliyat\\\/#breadcrumb\",\"itemListElement\":[{\"@type\":\"ListItem\",\"position\":1,\"name\":\"Ana sayfa\",\"item\":\"http:\\\/\\\/www.tugrulevdenevenakliyat.com\\\/\"},{\"@type\":\"ListItem\",\"position\":2,\"name\":\"\u00e7erkezk\u00f6y nakliyat\"}]},{\"@type\":\"WebSite\",\"@id\":\"http:\\\/\\\/www.tugrulevdenevenakliyat.com\\\/#website\",\"url\":\"http:\\\/\\\/www.tugrulevdenevenakliyat.com\\\/\",\"name\":\"http:\\\/\\\/www.tugrulevdenevenakliyat.com\\\/\",\"description\":\"t&uuml;rkiye geneline evden eve nakliyat\",\"publisher\":{\"@id\":\"http:\\\/\\\/www.tugrulevdenevenakliyat.com\\\/#organization\"},\"potentialAction\":[{\"@type\":\"SearchAction\",\"target\":{\"@type\":\"EntryPoint\",\"urlTemplate\":\"http:\\\/\\\/www.tugrulevdenevenakliyat.com\\\/?s={search_term_string}\"},\"query-input\":{\"@type\":\"PropertyValueSpecification\",\"valueRequired\":true,\"valueName\":\"search_term_string\"}}],\"inLanguage\":\"tr\"},{\"@type\":\"Organization\",\"@id\":\"http:\\\/\\\/www.tugrulevdenevenakliyat.com\\\/#organization\",\"name\":\"tu\u011frulcan bak\u0131rc\u0131\",\"url\":\"http:\\\/\\\/www.tugrulevdenevenakliyat.com\\\/\",\"logo\":{\"@type\":\"ImageObject\",\"inLanguage\":\"tr\",\"@id\":\"http:\\\/\\\/www.tugrulevdenevenakliyat.com\\\/#\\\/schema\\\/logo\\\/image\\\/\",\"url\":\"http:\\\/\\\/www.tugrulevdenevenakliyat.com\\\/wp-content\\\/uploads\\\/2019\\\/12\\\/45249907_1056901127822562_5718244570844626944_n.jpg\",\"contentUrl\":\"http:\\\/\\\/www.tugrulevdenevenakliyat.com\\\/wp-content\\\/uploads\\\/2019\\\/12\\\/45249907_1056901127822562_5718244570844626944_n.jpg\",\"width\":720,\"height\":960,\"caption\":\"tu\u011frulcan bak\u0131rc\u0131\"},\"image\":{\"@id\":\"http:\\\/\\\/www.tugrulevdenevenakliyat.com\\\/#\\\/schema\\\/logo\\\/image\\\/\"},\"sameAs\":[\"https:\\\/\\\/www.facebook.com\\\/tugrul.can.39589149\",\"https:\\\/\\\/x.com\\\/TURGUT16176391\",\"https:\\\/\\\/intagram.com\\\/tugrulnakliyatt\",\"https:\\\/\\\/www.linkedin.com\\\/in\\\/salim-bakirci-9b838915b\\\/\",\"https:\\\/\\\/tr.pinterest.com\\\/bakrcturgut\\\/pins\\\/\"]}]}<\/script>\n<!-- \/ Yoast SEO plugin. -->","yoast_head_json":{"title":"\u00e7erkezk\u00f6y nakliyat - istanbul evden eve ta\u015f\u0131ma\u00e7\u0131l\u0131k","description":"\u00e7erkezk\u00f6y nakliyat Paketleme ambalajlama konusunda s\u0131n\u0131rs\u0131z m\u00fc\u015fteri memnuniyeti sa\u011flayan firmam\u0131z \u00f6rnek paketlemelerimizi yandak\u0131 menu de g\u00f6re bilirsiniz..","robots":{"index":"index","follow":"follow","max-snippet":"max-snippet:-1","max-image-preview":"max-image-preview:large","max-video-preview":"max-video-preview:-1"},"canonical":"http:\/\/www.tugrulevdenevenakliyat.com\/index.php\/cerkezkoy-nakliyat\/","og_locale":"tr_TR","og_type":"article","og_title":"\u00e7erkezk\u00f6y nakliyat - istanbul evden eve ta\u015f\u0131ma\u00e7\u0131l\u0131k","og_description":"\u00e7erkezk\u00f6y nakliyat Paketleme ambalajlama konusunda s\u0131n\u0131rs\u0131z m\u00fc\u015fteri memnuniyeti sa\u011flayan firmam\u0131z \u00f6rnek paketlemelerimizi yandak\u0131 menu de g\u00f6re bilirsiniz..","og_url":"http:\/\/www.tugrulevdenevenakliyat.com\/index.php\/cerkezkoy-nakliyat\/","og_site_name":"Tu\u011frul Nakliyat","article_publisher":"https:\/\/www.facebook.com\/tugrul.can.39589149","og_image":[{"url":"http:\/\/www.tugrulevdenevenakliyat.com\/wp-content\/uploads\/2019\/12\/girginel-evden-eve-nakliyat-1png-300x200.png","type":"","width":"","height":""}],"twitter_card":"summary_large_image","twitter_site":"@TURGUT16176391","twitter_misc":{"Tahmini okuma s\u00fcresi":"3 dakika"},"schema":{"@context":"https:\/\/schema.org","@graph":[{"@type":"WebPage","@id":"http:\/\/www.tugrulevdenevenakliyat.com\/index.php\/cerkezkoy-nakliyat\/","url":"http:\/\/www.tugrulevdenevenakliyat.com\/index.php\/cerkezkoy-nakliyat\/","name":"\u00e7erkezk\u00f6y nakliyat - istanbul evden eve ta\u015f\u0131ma\u00e7\u0131l\u0131k","isPartOf":{"@id":"http:\/\/www.tugrulevdenevenakliyat.com\/#website"},"primaryImageOfPage":{"@id":"http:\/\/www.tugrulevdenevenakliyat.com\/index.php\/cerkezkoy-nakliyat\/#primaryimage"},"image":{"@id":"http:\/\/www.tugrulevdenevenakliyat.com\/index.php\/cerkezkoy-nakliyat\/#primaryimage"},"thumbnailUrl":"http:\/\/www.tugrulevdenevenakliyat.com\/wp-content\/uploads\/2019\/12\/girginel-evden-eve-nakliyat-1png-300x200.png","datePublished":"2020-01-20T11:14:40+00:00","description":"\u00e7erkezk\u00f6y nakliyat Paketleme ambalajlama konusunda s\u0131n\u0131rs\u0131z m\u00fc\u015fteri memnuniyeti sa\u011flayan firmam\u0131z \u00f6rnek paketlemelerimizi yandak\u0131 menu de g\u00f6re bilirsiniz..","breadcrumb":{"@id":"http:\/\/www.tugrulevdenevenakliyat.com\/index.php\/cerkezkoy-nakliyat\/#breadcrumb"},"inLanguage":"tr","potentialAction":[{"@type":"ReadAction","target":["http:\/\/www.tugrulevdenevenakliyat.com\/index.php\/cerkezkoy-nakliyat\/"]}]},{"@type":"ImageObject","inLanguage":"tr","@id":"http:\/\/www.tugrulevdenevenakliyat.com\/index.php\/cerkezkoy-nakliyat\/#primaryimage","url":"https:\/\/www.tugrulevdenevenakliyat.com\/wp-content\/uploads\/2019\/12\/girginel-evden-eve-nakliyat-1png.png","contentUrl":"https:\/\/www.tugrulevdenevenakliyat.com\/wp-content\/uploads\/2019\/12\/girginel-evden-eve-nakliyat-1png.png","width":1200,"height":800,"caption":"\u00fcnye evden eve atat\u00fcrk nakliyat"},{"@type":"BreadcrumbList","@id":"http:\/\/www.tugrulevdenevenakliyat.com\/index.php\/cerkezkoy-nakliyat\/#breadcrumb","itemListElement":[{"@type":"ListItem","position":1,"name":"Ana sayfa","item":"http:\/\/www.tugrulevdenevenakliyat.com\/"},{"@type":"ListItem","position":2,"name":"\u00e7erkezk\u00f6y nakliyat"}]},{"@type":"WebSite","@id":"http:\/\/www.tugrulevdenevenakliyat.com\/#website","url":"http:\/\/www.tugrulevdenevenakliyat.com\/","name":"http:\/\/www.tugrulevdenevenakliyat.com\/","description":"t&uuml;rkiye geneline evden eve nakliyat","publisher":{"@id":"http:\/\/www.tugrulevdenevenakliyat.com\/#organization"},"potentialAction":[{"@type":"SearchAction","target":{"@type":"EntryPoint","urlTemplate":"http:\/\/www.tugrulevdenevenakliyat.com\/?s={search_term_string}"},"query-input":{"@type":"PropertyValueSpecification","valueRequired":true,"valueName":"search_term_string"}}],"inLanguage":"tr"},{"@type":"Organization","@id":"http:\/\/www.tugrulevdenevenakliyat.com\/#organization","name":"tu\u011frulcan bak\u0131rc\u0131","url":"http:\/\/www.tugrulevdenevenakliyat.com\/","logo":{"@type":"ImageObject","inLanguage":"tr","@id":"http:\/\/www.tugrulevdenevenakliyat.com\/#\/schema\/logo\/image\/","url":"http:\/\/www.tugrulevdenevenakliyat.com\/wp-content\/uploads\/2019\/12\/45249907_1056901127822562_5718244570844626944_n.jpg","contentUrl":"http:\/\/www.tugrulevdenevenakliyat.com\/wp-content\/uploads\/2019\/12\/45249907_1056901127822562_5718244570844626944_n.jpg","width":720,"height":960,"caption":"tu\u011frulcan bak\u0131rc\u0131"},"image":{"@id":"http:\/\/www.tugrulevdenevenakliyat.com\/#\/schema\/logo\/image\/"},"sameAs":["https:\/\/www.facebook.com\/tugrul.can.39589149","https:\/\/x.com\/TURGUT16176391","https:\/\/intagram.com\/tugrulnakliyatt","https:\/\/www.linkedin.com\/in\/salim-bakirci-9b838915b\/","https:\/\/tr.pinterest.com\/bakrcturgut\/pins\/"]}]}},"_links":{"self":[{"href":"https:\/\/www.tugrulevdenevenakliyat.com\/index.php\/wp-json\/wp\/v2\/pages\/756","targetHints":{"allow":["GET"]}}],"collection":[{"href":"https:\/\/www.tugrulevdenevenakliyat.com\/index.php\/wp-json\/wp\/v2\/pages"}],"about":[{"href":"https:\/\/www.tugrulevdenevenakliyat.com\/index.php\/wp-json\/wp\/v2\/types\/page"}],"author":[{"embeddable":true,"href":"https:\/\/www.tugrulevdenevenakliyat.com\/index.php\/wp-json\/wp\/v2\/users\/1"}],"replies":[{"embeddable":true,"href":"https:\/\/www.tugrulevdenevenakliyat.com\/index.php\/wp-json\/wp\/v2\/comments?post=756"}],"version-history":[{"count":1,"href":"https:\/\/www.tugrulevdenevenakliyat.com\/index.php\/wp-json\/wp\/v2\/pages\/756\/revisions"}],"predecessor-version":[{"id":757,"href":"https:\/\/www.tugrulevdenevenakliyat.com\/index.php\/wp-json\/wp\/v2\/pages\/756\/revisions\/757"}],"wp:attachment":[{"href":"https:\/\/www.tugrulevdenevenakliyat.com\/index.php\/wp-json\/wp\/v2\/media?parent=756"}],"curies":[{"name":"wp","href":"https:\/\/api.w.org\/{rel}","templated":true}]}}